{"id":473,"date":"2016-06-09T20:59:18","date_gmt":"2016-06-09T17:59:18","guid":{"rendered":"http:\/\/www.pelimanni.fi\/festivaalijamit\/?page_id=473"},"modified":"2016-07-11T08:23:11","modified_gmt":"2016-07-11T05:23:11","slug":"festivaalijamit-2016","status":"publish","type":"page","link":"http:\/\/www.pelimanni.fi\/festivaalijamit\/?page_id=473","title":{"rendered":"Festivaalijamit 2016"},"content":{"rendered":"<p><strong>Jamiworkshopit Cafe Mondossa\u00a0<span class=\"Apple-converted-space\">\u00a0<\/span>11.30-13.00<\/strong><\/p>\n<p>Kaikille tarkoitetut perinteiset festivaalijamit tulevat j\u00e4lleen.<\/p>\n<p><strong>Tiistai 12.7.<\/strong><\/p>\n<p><strong>Jamiworkshop <\/strong>Aallotar (FI\/US), Timo Alakotila &amp; Karen Tweed (FI\/UK), Filippo Gambetta (IT)<\/p>\n<p><a href=\"http:\/\/www.pelimanni.fi\/festivaalijamit\/wp-content\/uploads\/2016\/06\/Day-Night.pdf\">Day &amp; Night<\/a><\/p>\n<p><a href=\"http:\/\/www.pelimanni.fi\/festivaalijamit\/wp-content\/uploads\/2016\/06\/Polka-giocoliera.pdf\">Polka giocoliera<\/a><\/p>\n<p><a href=\"http:\/\/www.pelimanni.fi\/festivaalijamit\/wp-content\/uploads\/2016\/06\/Purpurin-franseesi-Vatjusj\u00e4rvelt\u00e4.pdf\">Purpurin franseesi Vatjusj\u00e4rvelt\u00e4<\/a><\/p>\n<p><a href=\"http:\/\/www.pelimanni.fi\/festivaalijamit\/wp-content\/uploads\/2016\/06\/Richard_Dwyers_Reel.pdf\">Richard_Dwyers_Reel<\/a><\/p>\n<p><a href=\"http:\/\/www.pelimanni.fi\/festivaalijamit\/wp-content\/uploads\/2016\/06\/Tom-McElvogues-Jig.pdf\">Tom McElvogues Jig<\/a><\/p>\n<p><strong>Keskiviikko 13.7.<\/strong><\/p>\n<p><strong>Jamiworkshop <\/strong>Piia Kleemola, Massivet (SE)<\/p>\n<p><a href=\"http:\/\/www.pelimanni.fi\/festivaalijamit\/wp-content\/uploads\/2016\/06\/Sofia-Riskun-masurkka.pdf\">Sofia Riskun masurkka<\/a><\/p>\n<p><a href=\"http:\/\/www.pelimanni.fi\/festivaalijamit\/wp-content\/uploads\/2016\/06\/Eemeli-Nurmelan-sotiisi.pdf\">Eemeli Nurmelan sotiisi<\/a><\/p>\n<p><a href=\"http:\/\/www.pelimanni.fi\/festivaalijamit\/wp-content\/uploads\/2016\/06\/Tv\u00e5-dagar-utan-storm.pdf\">Tv\u00e5 dagar utan storm<\/a><\/p>\n<p><strong>Torstai 14.7.<\/strong><\/p>\n<p><strong>Jamiworkshop <\/strong>Antti Savilampi, Pia Rask, Heikki Lahti &amp; KOMIA, H\u00e4\u00e4vi<\/p>\n<p><a href=\"http:\/\/www.pelimanni.fi\/festivaalijamit\/wp-content\/uploads\/2016\/06\/Merell\u00e4-olen-min\u00e4-syntynyt.pdf\">Merell\u00e4 olen min\u00e4 syntynyt<\/a><\/p>\n<p><a href=\"http:\/\/www.pelimanni.fi\/festivaalijamit\/wp-content\/uploads\/2016\/06\/Taivas-on-sininen-ja-valkoinen.pdf\">Taivas on sininen ja valkoinen<\/a><\/p>\n<p><a href=\"http:\/\/www.pelimanni.fi\/festivaalijamit\/wp-content\/uploads\/2016\/06\/Maa-on-musta.pdf\">Maa on musta<\/a><\/p>\n<p><a href=\"http:\/\/www.pelimanni.fi\/festivaalijamit\/wp-content\/uploads\/2016\/06\/Koni-Kaakari.pdf\">Koni-Kaakari<\/a><\/p>\n<p><a href=\"http:\/\/www.pelimanni.fi\/festivaalijamit\/wp-content\/uploads\/2016\/06\/Friimannin-Villen-valssi.pdf\">Friimannin Villen valssi<\/a><\/p>\n<p><strong>Perjantai 15.7.<\/strong><\/p>\n<p><strong>11.30-13.00 Jamiworkshop <\/strong>Enkel, Orivesi All Stars<\/p>\n<p><a href=\"http:\/\/www.pelimanni.fi\/festivaalijamit\/wp-content\/uploads\/2016\/06\/Taho.pdf\">Taho<\/a><\/p>\n<p><a href=\"http:\/\/www.pelimanni.fi\/festivaalijamit\/wp-content\/uploads\/2016\/06\/Syd\u00e4nyst\u00e4v\u00e4.pdf\">Syd\u00e4nyst\u00e4v\u00e4<\/a><\/p>\n<p><a href=\"http:\/\/www.pelimanni.fi\/festivaalijamit\/wp-content\/uploads\/2016\/06\/Venehess\u00e4-vetten-p\u00e4\u00e4ll\u00e4.pdf\">Venehess\u00e4 vetten p\u00e4\u00e4ll\u00e4<\/a><\/p>\n<p><a href=\"http:\/\/www.pelimanni.fi\/festivaalijamit\/wp-content\/uploads\/2016\/06\/Taneli.pdf\">Taneli<\/a><\/p>\n<p><strong>Lauantai 16.7.<\/strong><\/p>\n<p><strong>Jamiworkshop <\/strong>Ale Carr &amp; Esko J\u00e4rvel\u00e4 (SE\/FI), Rune Barslund &amp; Andreas Toph\u00f8j (DK), Tim Edey &amp; Troy McGilllivray (UK\/CA), Bill Hota &amp; the Pulvers<\/p>\n<p><a href=\"http:\/\/www.pelimanni.fi\/festivaalijamit\/wp-content\/uploads\/2016\/06\/KollbergVPS10.pdf\">Kollberg+VPS10<\/a><\/p>\n<p><a href=\"http:\/\/www.pelimanni.fi\/festivaalijamit\/wp-content\/uploads\/2016\/06\/The-Kerry-Polska.pdf\">The Kerry Polska<\/a><\/p>\n<p><a href=\"http:\/\/www.pelimanni.fi\/festivaalijamit\/wp-content\/uploads\/2016\/06\/A-Winston-Jig.pdf\">A Winston Jig<\/a><\/p>\n<p><a href=\"http:\/\/www.pelimanni.fi\/festivaalijamit\/wp-content\/uploads\/2016\/06\/Vaikia-asia.pdf\">Vaikia asia<\/a><\/p>\n","protected":false},"excerpt":{"rendered":"<p>Jamiworkshopit Cafe Mondossa\u00a0\u00a011.30-13.00 Kaikille tarkoitetut perinteiset festivaalijamit tulevat j\u00e4lleen. Tiistai 12.7. Jamiworkshop Aallotar (FI\/US), Timo Alakotila &amp; Karen Tweed (FI\/UK), Filippo Gambetta (IT) Day &amp; Night Polka giocoliera Purpurin franseesi Vatjusj\u00e4rvelt\u00e4 Richard_Dwyers_Reel Tom McElvogues Jig Keskiviikko 13.7. Jamiworkshop Piia Kleemola, &hellip; <a href=\"http:\/\/www.pelimanni.fi\/festivaalijamit\/?page_id=473\">Continue reading <span class=\"meta-nav\">&rarr;<\/span><\/a><\/p>\n","protected":false},"author":1,"featured_media":0,"parent":0,"menu_order":0,"comment_status":"closed","ping_status":"open","template":"","meta":{"footnotes":""},"class_list":["post-473","page","type-page","status-publish","hentry"],"_links":{"self":[{"href":"http:\/\/www.pelimanni.fi\/festivaalijamit\/index.php?rest_route=\/wp\/v2\/pages\/473","targetHints":{"allow":["GET"]}}],"collection":[{"href":"http:\/\/www.pelimanni.fi\/festivaalijamit\/index.php?rest_route=\/wp\/v2\/pages"}],"about":[{"href":"http:\/\/www.pelimanni.fi\/festivaalijamit\/index.php?rest_route=\/wp\/v2\/types\/page"}],"author":[{"embeddable":true,"href":"http:\/\/www.pelimanni.fi\/festivaalijamit\/index.php?rest_route=\/wp\/v2\/users\/1"}],"replies":[{"embeddable":true,"href":"http:\/\/www.pelimanni.fi\/festivaalijamit\/index.php?rest_route=%2Fwp%2Fv2%2Fcomments&post=473"}],"version-history":[{"count":14,"href":"http:\/\/www.pelimanni.fi\/festivaalijamit\/index.php?rest_route=\/wp\/v2\/pages\/473\/revisions"}],"predecessor-version":[{"id":510,"href":"http:\/\/www.pelimanni.fi\/festivaalijamit\/index.php?rest_route=\/wp\/v2\/pages\/473\/revisions\/510"}],"wp:attachment":[{"href":"http:\/\/www.pelimanni.fi\/festivaalijamit\/index.php?rest_route=%2Fwp%2Fv2%2Fmedia&parent=473"}],"curies":[{"name":"wp","href":"https:\/\/api.w.org\/{rel}","templated":true}]}}