{"id":513,"date":"2017-07-09T23:01:30","date_gmt":"2017-07-09T20:01:30","guid":{"rendered":"http:\/\/www.pelimanni.fi\/festivaalijamit\/?page_id=513"},"modified":"2019-07-06T16:24:34","modified_gmt":"2019-07-06T13:24:34","slug":"tassa-vihdoin-festivaalijamikappaleet-2017","status":"publish","type":"page","link":"http:\/\/www.pelimanni.fi\/festivaalijamit\/?page_id=513","title":{"rendered":"Festivaalijami 2017"},"content":{"rendered":"<p>Logistisista ongelmien vuoksi jamikappaleet tulevat vasta nyt t\u00e4nne.<br \/>\nKaikki ovat pahoillaan viiv\u00e4styksest\u00e4, mutta nyt kaikki ovat hyvill\u00e4\u00e4n!<br \/>\nA-duurista nuo n\u00e4ytt\u00e4\u00e4 l\u00e4htev\u00e4n&#8230;<\/p>\n<p><a href=\"http:\/\/www.pelimanni.fi\/festivaalijamit\/wp-content\/uploads\/2017\/07\/A-duurimarssi.pdf\">A-duurimarssi<\/a><br \/>\n<a href=\"http:\/\/www.pelimanni.fi\/festivaalijamit\/wp-content\/uploads\/2017\/07\/A-duurisiliavalssi.pdf\">A-duurisiliavalssi<\/a><br \/>\n<a href=\"http:\/\/www.pelimanni.fi\/festivaalijamit\/wp-content\/uploads\/2017\/07\/A-molliflikuleeri.pdf\">A-molliflikuleeri<\/a><br \/>\n<a href=\"http:\/\/www.pelimanni.fi\/festivaalijamit\/wp-content\/uploads\/2017\/07\/D-duurialotus.pdf\">D-duurialotus<\/a><br \/>\n<a href=\"http:\/\/www.pelimanni.fi\/festivaalijamit\/wp-content\/uploads\/2017\/07\/Du-er-min-egen.pdf\">Du er min egen<\/a><br \/>\n<a href=\"http:\/\/www.pelimanni.fi\/festivaalijamit\/wp-content\/uploads\/2017\/07\/Friiti-Ojalan-h\u00e4\u00e4valssi.pdf\">Friiti Ojalan h\u00e4\u00e4valssi<\/a><br \/>\n<a href=\"http:\/\/www.pelimanni.fi\/festivaalijamit\/wp-content\/uploads\/2017\/07\/Hyppytahti.pdf\">Hyppytahti<\/a><br \/>\n<a href=\"http:\/\/www.pelimanni.fi\/festivaalijamit\/wp-content\/uploads\/2017\/07\/H\u00e4\u00e4polska1.pdf\">H\u00e4\u00e4polska1<\/a><br \/>\n<a href=\"http:\/\/www.pelimanni.fi\/festivaalijamit\/wp-content\/uploads\/2017\/07\/H\u00e4\u00e4polska2.pdf\">H\u00e4\u00e4polska2<\/a><br \/>\n<a href=\"http:\/\/www.pelimanni.fi\/festivaalijamit\/wp-content\/uploads\/2017\/07\/Kes\u00e4n-tullessa.pdf\">Kes\u00e4n tullessa<\/a><br \/>\n<a href=\"http:\/\/www.pelimanni.fi\/festivaalijamit\/wp-content\/uploads\/2017\/07\/Krolle-Bolle-polka.pdf\">Krolle Bolle-polka<\/a><br \/>\n<a href=\"http:\/\/www.pelimanni.fi\/festivaalijamit\/wp-content\/uploads\/2017\/07\/Linda.pdf\">Linda<\/a><br \/>\n<a href=\"http:\/\/www.pelimanni.fi\/festivaalijamit\/wp-content\/uploads\/2017\/07\/Maamies-se-pellon-kynt\u00e4\u00e4.pdf\">Maamies se pellon kynt\u00e4\u00e4<\/a><br \/>\n<a href=\"http:\/\/www.pelimanni.fi\/festivaalijamit\/wp-content\/uploads\/2017\/07\/Notsud.pdf\">Notsud<\/a><br \/>\n<a href=\"http:\/\/www.pelimanni.fi\/festivaalijamit\/wp-content\/uploads\/2017\/07\/Pelimannin-kaikuja.pdf\">Pelimannin kaikuja<\/a><br \/>\n<a href=\"http:\/\/www.pelimanni.fi\/festivaalijamit\/wp-content\/uploads\/2017\/07\/Pienen\u00e4-poikana-kerjuulla-kuljin.pdf\">Pienen\u00e4 poikana kerjuulla kuljin<\/a><br \/>\n<a href=\"http:\/\/www.pelimanni.fi\/festivaalijamit\/wp-content\/uploads\/2017\/07\/Satakielen-valssi.pdf\">Satakielen valssi<\/a><br \/>\n<a href=\"http:\/\/www.pelimanni.fi\/festivaalijamit\/wp-content\/uploads\/2017\/07\/Tuon-Pohjolan-poikasen-lempi.pdf\">Tuon Pohjolan poikasen lempi<\/a><br \/>\n<a href=\"http:\/\/www.pelimanni.fi\/festivaalijamit\/wp-content\/uploads\/2017\/07\/Walking-on-the-Moon.pdf\">Walking on the Moon<\/a> <a href=\"http:\/\/www.pelimanni.fi\/festivaalijamit\/wp-content\/uploads\/2017\/07\/Villen-marssi.pdf\"><br \/>\nVillen marssi<\/a><br \/>\n<a href=\"http:\/\/www.pelimanni.fi\/festivaalijamit\/wp-content\/uploads\/2017\/07\/Ylitalon-Jussin-marssi.pdf\">Ylitalon Jussin marssi<\/a><\/p>\n<p><strong>Caf\u00e9 Mondo<\/strong><\/p>\n<p>Tiistai 11.30-13.00 Jamiworkshop<br \/>\nTrio Svin (DK), Pia Rask, M\u00e4S\u00e4 Duo<\/p>\n<p>Keskiviikko 11.30-13.00 Jamiworkshop<br \/>\nTrolska Polska (DK), Folkkarit, Sarah-Jane Summers &amp; Juhani Silvola (GB\/FI)<\/p>\n<p>Torstai 11.30-13.00 Jamiworkshop<br \/>\nKaustislainen purppuri ja muu h\u00e4\u00e4musiikki pelimannien johdolla<\/p>\n<p>Perjantai 11.30-13.00 Jamiworkshop<br \/>\nKaustislainen purppuri ja muu h\u00e4\u00e4musiikki pelimannien johdolla<\/p>\n","protected":false},"excerpt":{"rendered":"<p>Logistisista ongelmien vuoksi jamikappaleet tulevat vasta nyt t\u00e4nne. Kaikki ovat pahoillaan viiv\u00e4styksest\u00e4, mutta nyt kaikki ovat hyvill\u00e4\u00e4n! A-duurista nuo n\u00e4ytt\u00e4\u00e4 l\u00e4htev\u00e4n&#8230; A-duurimarssi A-duurisiliavalssi A-molliflikuleeri D-duurialotus Du er min egen Friiti Ojalan h\u00e4\u00e4valssi Hyppytahti H\u00e4\u00e4polska1 H\u00e4\u00e4polska2 Kes\u00e4n tullessa Krolle Bolle-polka Linda &hellip; <a href=\"http:\/\/www.pelimanni.fi\/festivaalijamit\/?page_id=513\">Continue reading <span class=\"meta-nav\">&rarr;<\/span><\/a><\/p>\n","protected":false},"author":1,"featured_media":0,"parent":0,"menu_order":0,"comment_status":"closed","ping_status":"closed","template":"","meta":{"footnotes":""},"class_list":["post-513","page","type-page","status-publish","hentry"],"_links":{"self":[{"href":"http:\/\/www.pelimanni.fi\/festivaalijamit\/index.php?rest_route=\/wp\/v2\/pages\/513","targetHints":{"allow":["GET"]}}],"collection":[{"href":"http:\/\/www.pelimanni.fi\/festivaalijamit\/index.php?rest_route=\/wp\/v2\/pages"}],"about":[{"href":"http:\/\/www.pelimanni.fi\/festivaalijamit\/index.php?rest_route=\/wp\/v2\/types\/page"}],"author":[{"embeddable":true,"href":"http:\/\/www.pelimanni.fi\/festivaalijamit\/index.php?rest_route=\/wp\/v2\/users\/1"}],"replies":[{"embeddable":true,"href":"http:\/\/www.pelimanni.fi\/festivaalijamit\/index.php?rest_route=%2Fwp%2Fv2%2Fcomments&post=513"}],"version-history":[{"count":7,"href":"http:\/\/www.pelimanni.fi\/festivaalijamit\/index.php?rest_route=\/wp\/v2\/pages\/513\/revisions"}],"predecessor-version":[{"id":573,"href":"http:\/\/www.pelimanni.fi\/festivaalijamit\/index.php?rest_route=\/wp\/v2\/pages\/513\/revisions\/573"}],"wp:attachment":[{"href":"http:\/\/www.pelimanni.fi\/festivaalijamit\/index.php?rest_route=%2Fwp%2Fv2%2Fmedia&parent=513"}],"curies":[{"name":"wp","href":"https:\/\/api.w.org\/{rel}","templated":true}]}}